{"id":57,"date":"2018-09-17T13:19:46","date_gmt":"2018-09-17T11:19:46","guid":{"rendered":"http:\/\/www.centroessere.ch\/?page_id=57"},"modified":"2026-04-04T12:51:45","modified_gmt":"2026-04-04T10:51:45","slug":"pamela-borelli","status":"publish","type":"page","link":"https:\/\/centroessere.ch\/?page_id=57","title":{"rendered":"Pamela Borelli"},"content":{"rendered":"<h1>Pamela Borelli<\/h1>\n<table style=\"border: none;\">\n<tbody>\n<tr>\n<td style=\"border: none; width: 225px;\"><img loading=\"lazy\" decoding=\"async\" class=\"alignnone size-medium wp-image-468\" src=\"http:\/\/www.centroessere.ch\/wp-content\/uploads\/2019\/07\/Pamela-foto-sito-1-202x300.jpg\" alt=\"\" width=\"202\" height=\"300\" srcset=\"https:\/\/centroessere.ch\/wp-content\/uploads\/2019\/07\/Pamela-foto-sito-1-202x300.jpg 202w, https:\/\/centroessere.ch\/wp-content\/uploads\/2019\/07\/Pamela-foto-sito-1-688x1024.jpg 688w, https:\/\/centroessere.ch\/wp-content\/uploads\/2019\/07\/Pamela-foto-sito-1-500x744.jpg 500w, https:\/\/centroessere.ch\/wp-content\/uploads\/2019\/07\/Pamela-foto-sito-1.jpg 748w\" sizes=\"(max-width: 202px) 85vw, 202px\" \/><\/td>\n<td style=\"border: none;\">Sessuologa clinica,<br \/>Psicologa e Psicoterapeuta FSP,<br \/>Psicoterapeuta Sensorimotor Certificata (III),<br \/>Terapeuta e Practitioner EMDR\n<p>Supervisore<\/p>\n<\/td>\n<\/tr>\n<\/tbody>\n<\/table>\n<p>Lista di attesa: diversi mesi<br \/>Assicurazione: Riconosciuta dalla cassa malati complementare.<\/p>\n<p>Cari clienti, <br \/>per scelta personale e per incarnare quello che credo siano le migliori basi per una relazione terapeutica, comunico che le mie sedute non sottostanno a condizioni e rimborsi da parte della cassa malati di base (LAMal).<br \/>Le sedute potranno essere riconosciute dall&#8217;assicurazione complementare delle casse malati, in funzione del vostro contratto.<\/p>\n<p><strong><a href=\"https:\/\/centroessere.ch\/wp-content\/uploads\/2026\/02\/Lettera-sito-per-LCA.pdf\">Lettera per assicurazioni complementari<\/a><\/strong><\/p>\n<p>Per confermare il primo appuntamento, vi chiedo di inviarmi il documento seguente firmato, con almeno 4 giorni di anticipo, all&#8217;indirizzo: borelli.pamela@gmail.com<\/p>\n<p><strong><a href=\"https:\/\/centroessere.ch\/wp-content\/uploads\/2026\/02\/Dati-contatto-e-privacy_pdr.pdf\">Dati contatto e privacy<\/a><\/strong><\/p>\n<p><strong>Su di me<\/strong><\/p>\n<p>Il mio percorso formativo mi ha portata ad avere un\u2019ottica individuale e relazionale, per questo dal 2011 lavoro come indipendente in studio privato, con persone singole e coppie.<\/p>\n<p>Affascinata dalla vita, dall\u2019essere umano e dai rapporti interpersonali, dopo la licenza in psicologia mi sono specializzata in sessuologia ed in psicoterapia relazionale-sistemica. Nel corso della formazione continua, anche grazie a diversi lavori personali, la mia pratica clinica si \u00e8 arricchita di strumenti che si prendono cura delle emozioni e delle sensazioni, ridando al corpo lo spazio che merita. Esempi di questo ulteriore bagaglio formativo sono la specializzazione in psicoterapia sensomotoria, in EMDR , in ipnosi e nella terapia centrata sulla compassione. Negli ultimi anni sto integrando la dimensione olistica e spirituale nella mia attitudine terapeutica, in particolare con l&#8217;esplorazioni di approcci quali il Reiki, il Tantra, lo sciamanesimo, le costellazioni familiari sciamaniche e la meditazione unita alla filosofia orientale. L&#8217;auto\/-compassione, la gentilezza amorevole, la gioia compartecipe e il semplicemente essere sono una guida preziosa. Il mio lavoro \u00e8 una passione che ha il merito di chiedermi di essere presente alla vita e che in questo inno ha sicuramente influenzato i miei passatempi: lettura, scrittura, giardinaggio, escursioni in montagna, viaggi, litoterapia e meditazione. Tra i miei sogni ci sono la voglia di dedicarmi all\u2019arredamento di interni, ad un negozio di fiori ed in vecchiaia aprire una libreria.<\/p>\n<h5><strong>Offerta<\/strong><\/h5>\n<h5><strong><em>Psicoterapia sistemico-relazionale<\/em><\/strong><\/h5>\n<p>Il modo di vedere la vita pu\u00f2 cambiare, eventi tristi o felici, improvvisi o attesi, possono lasciarci confusi o destabilizzati. Pu\u00f2 succedere che i nostri punti di riferimento scompaiano e che davanti a un bivio non si sappia pi\u00f9 decidere la strada. Nella ricerca del benessere personale, dell\u2019equilibrio nella relazione di coppia e dell\u2019armonia nelle dinamiche familiari, la psicoterapia offre uno spazio dove la riflessione permette di dare senso alle difficolt\u00e0 per poterle affrontare.<\/p>\n<h5><strong><em>Sessoterapia<\/em><\/strong><\/h5>\n<p>L\u2019influenza reciproca tra eventi della vita quotidiana e sessualit\u00e0, pu\u00f2 interpellarci quando cambiano le fasi di vita con le loro esigenze oppure quando \u00e8 la sessualit\u00e0 a evolvere e a cercare nuova forma. Quando si incontrano delle difficolt\u00e0 che riguardano la vita sessuale e le relazioni\u00a0sentimentali, la sessoterapia offre le conoscenze e gli strumenti per cercare la soluzione.<\/p>\n<h5><em><strong>Supervisioni<\/strong><\/em><\/h5>\n<p>Avendo ottenuto il titolo di Psicoterapeuta FSP da pi\u00f9 di 5 anni, propongo delle supervisioni che vengono riconosciute nei percorsi di formazione in psicoterapia sistemica (e, nel numero di ore consentite, di altri orientamenti psicoterapici).<\/p>\n<p>Le supervisioni sono individuali e possono essere sia rispetto a situazioni legate alla <em><strong>Psicoterapia<\/strong><\/em>, sia rispetto a situazioni legate alla <strong><em>Sessoterapia<\/em><\/strong>.<br \/>Tutti gli approcci che ho approfondito durante il mio percorso sono messi a disposizione, alfine di comprendere al meglio le esigenze del terapeuta e delle persone con cui quest&#8217;ultimo lavora.<\/p>\n<p>Una supervisione dura 50 minuti e la tariffa \u00e8 di 160.- chf.<br \/>L&#8217;eventuale annullamento di una supervisione deve avvienire con un preavviso di 48h, altrimenti la supervisione \u00e8 fatturata.<\/p>\n<p><img loading=\"lazy\" decoding=\"async\" class=\"size-medium wp-image-964 aligncenter\" src=\"http:\/\/www.centroessere.ch\/wp-content\/uploads\/2023\/09\/IMG_4728-300x177.jpg\" alt=\"\" width=\"300\" height=\"177\" srcset=\"https:\/\/centroessere.ch\/wp-content\/uploads\/2023\/09\/IMG_4728-300x177.jpg 300w, https:\/\/centroessere.ch\/wp-content\/uploads\/2023\/09\/IMG_4728-768x453.jpg 768w, https:\/\/centroessere.ch\/wp-content\/uploads\/2023\/09\/IMG_4728-1024x604.jpg 1024w, https:\/\/centroessere.ch\/wp-content\/uploads\/2023\/09\/IMG_4728-500x295.jpg 500w, https:\/\/centroessere.ch\/wp-content\/uploads\/2023\/09\/IMG_4728-1200x708.jpg 1200w\" sizes=\"(max-width: 300px) 85vw, 300px\" \/><\/p>\n<p><img loading=\"lazy\" decoding=\"async\" class=\"size-medium wp-image-965 aligncenter\" src=\"http:\/\/www.centroessere.ch\/wp-content\/uploads\/2023\/09\/tempImageCaAVEK-198x300.jpg\" alt=\"\" width=\"198\" height=\"300\" srcset=\"https:\/\/centroessere.ch\/wp-content\/uploads\/2023\/09\/tempImageCaAVEK-198x300.jpg 198w, https:\/\/centroessere.ch\/wp-content\/uploads\/2023\/09\/tempImageCaAVEK-768x1165.jpg 768w, https:\/\/centroessere.ch\/wp-content\/uploads\/2023\/09\/tempImageCaAVEK-675x1024.jpg 675w, https:\/\/centroessere.ch\/wp-content\/uploads\/2023\/09\/tempImageCaAVEK-500x759.jpg 500w, https:\/\/centroessere.ch\/wp-content\/uploads\/2023\/09\/tempImageCaAVEK-1200x1821.jpg 1200w\" sizes=\"(max-width: 198px) 85vw, 198px\" \/><\/p>\n<p><img loading=\"lazy\" decoding=\"async\" class=\"size-medium wp-image-963 aligncenter\" src=\"http:\/\/www.centroessere.ch\/wp-content\/uploads\/2023\/09\/IMG_4720-300x143.jpg\" alt=\"\" width=\"300\" height=\"143\" srcset=\"https:\/\/centroessere.ch\/wp-content\/uploads\/2023\/09\/IMG_4720-300x143.jpg 300w, https:\/\/centroessere.ch\/wp-content\/uploads\/2023\/09\/IMG_4720-768x366.jpg 768w, https:\/\/centroessere.ch\/wp-content\/uploads\/2023\/09\/IMG_4720-1024x488.jpg 1024w, https:\/\/centroessere.ch\/wp-content\/uploads\/2023\/09\/IMG_4720-500x238.jpg 500w, https:\/\/centroessere.ch\/wp-content\/uploads\/2023\/09\/IMG_4720-1200x572.jpg 1200w\" sizes=\"(max-width: 300px) 85vw, 300px\" \/><\/p>\n<h5><img loading=\"lazy\" decoding=\"async\" class=\"size-medium wp-image-962 aligncenter\" src=\"http:\/\/www.centroessere.ch\/wp-content\/uploads\/2023\/09\/IMG_4715-300x171.jpg\" alt=\"\" width=\"300\" height=\"171\" srcset=\"https:\/\/centroessere.ch\/wp-content\/uploads\/2023\/09\/IMG_4715-300x171.jpg 300w, https:\/\/centroessere.ch\/wp-content\/uploads\/2023\/09\/IMG_4715-768x439.jpg 768w, https:\/\/centroessere.ch\/wp-content\/uploads\/2023\/09\/IMG_4715-1024x585.jpg 1024w, https:\/\/centroessere.ch\/wp-content\/uploads\/2023\/09\/IMG_4715-500x286.jpg 500w, https:\/\/centroessere.ch\/wp-content\/uploads\/2023\/09\/IMG_4715-1200x686.jpg 1200w\" sizes=\"(max-width: 300px) 85vw, 300px\" \/><\/h5>\n<h5><strong>Formazioni di base e continue<\/strong><\/h5>\n<p><em><strong>2025-2026 Certificazione in Psicoterapia Sensorimotor (III); Milano-Roma<\/strong> \u00a0 \u00a0 \u00a0 \u00a0 \u00a0 \u00a0 \u00a0 \u00a0 \u00a0 \u00a02026 Istruttrice certificata di Mindfulness Self-Compassion fiera; Padova \u00a0 \u00a0 \u00a0 \u00a0 \u00a0 \u00a0 \u00a0 \u00a0 \u00a0 <em style=\"font-size: revert;\"><strong>2024-2025 Master Accompagnamento spirituale nella malattia e nel morire; online e Prato (I)<\/strong>\u00a0 \u00a0 \u00a0 \u00a0 \u00a0 \u00a0 \u00a0 \u00a0 \u00a0 \u00a0 \u00a0 \u00a0 \u00a0 \u00a0 \u00a0 \u00a0 \u00a0 \u00a0 \u00a0 \u00a0 \u00a0 \u00a0 \u00a0 \u00a0 \u00a0 \u00a0 \u00a0 \u00a0 \u00a0 \u00a0 \u00a0 \u00a0 \u00a0 \u00a0 \u00a0 \u00a0 \u00a0 \u00a0 \u00a0 \u00a0 \u00a0 \u00a0 \u00a0 \u00a0 \u00a0 \u00a0 \u00a0 \u00a0 \u00a0 \u00a0 \u00a0 <\/em>2024 Istruttrice certificata di Mindfulness Self-Compassion; Padova \u00a0 \u00a0 \u00a0 \u00a0 \u00a0 \u00a0 \u00a0 \u00a0 \u00a0 \u00a0 \u00a0 \u00a0 \u00a0 \u00a0 \u00a0 \u00a0 \u00a0\u00a0 <\/em><strong><em>2024 Istruttrice certificata di Mindfulness Compassion Experience; Monferrato <\/em><\/strong><em>\u00a0 \u00a0 \u00a0 \u00a0 \u00a0 \u00a0 \u00a0 \u00a0 \u00a0 \u00a0 \u00a0 \u00a0 \u00a0 \u00a0 \u00a0 \u00a0 \u00a0 \u00a0 \u00a0 \u00a0 \u00a0 \u00a0 \u00a0 \u00a0 \u00a0 \u00a0 \u00a0 \u00a0 \u00a0 \u00a0 \u00a0 \u00a0 \u00a0 \u00a0 \u00a0 \u00a0 \u00a0 \u00a0 \u00a0 \u00a0 \u00a0 \u00a0 \u00a0 \u00a0 \u00a0 \u00a0 \u00a0 \u00a0 \u00a0 \u00a0 \u00a0 \u00a0 \u00a0 \u00a0 \u00a0 \u00a0 \u00a0 \u00a0 \u00a0 \u00a0 \u00a0 \u00a0 \u00a0 \u00a0 \u00a0 \u00a0<\/em><em>2023-2024 Master 1 e 2 in ipnosi clinica a orientamento ericksoniano<\/em><em>; online<\/em><em><br \/><strong>2021 Compassion focused therapy, corso base (I) e corso avanzato (II); online\u00a0<\/strong> \u00a0 \u00a0 \u00a0 \u00a0 \u00a0 <\/em><em>\u00a0 \u00a0 \u00a0 \u00a0 \u00a0 \u00a0 \u00a0 \u00a0 \u00a0 \u00a0 \u00a0 \u00a0 \u00a0 \u00a0 \u00a0 \u00a0 \u00a0 \u00a0 \u00a0 \u00a0 \u00a0 \u00a0 \u00a0 \u00a0 \u00a0 \u00a0 \u00a0 \u00a0 \u00a0 \u00a0 \u00a0 \u00a0 \u00a0 \u00a0 \u00a0 \u00a0 \u00a0 \u00a0 \u00a0 \u00a0 \u00a0 \u00a0 \u00a0 \u00a0 \u00a0 \u00a0 \u00a0 \u00a0 \u00a0 \u00a0 \u00a0 \u00a0 \u00a0 \u00a0 \u00a0 \u00a0 \u00a0 \u00a0 \u00a0 \u00a0 \u00a0 \u00a0 \u00a0 \u00a0 \u00a0 \u00a0 \u00a0<\/em><em>2019 &#8211; 2021 Training in Psicoterapia Sensomotoria (II); Milano<\/em><br \/><strong><em>2018 Training in Psicoterapia Sensomotoria (I); Milano<\/em><\/strong><br \/><em>2016\u00a0\u00a0\u00a0Terapeuta e Practitioner (2018) EMDR; Milano-Lugano<\/em><br \/><strong><em>2006 &#8211; 2014\u00a0\u00a0\u00a0\u00a0 Specializzazione in Sessocorporeo (Istituto Sessocorporeo Internazionale); Ginevra<\/em><\/strong><br \/><em>2009 &#8211; 2011\u00a0\u00a0\u00a0\u00a0 Certificato di Sessuologia Clinica; Universit\u00e0 di Ginevra<\/em><br \/><em><strong>2008 &#8211; 2013\u00a0 \u00a0 \u00a0Diploma in Psicoterapia della Famiglia\u00a0\u201cMara Selvini Palazzoli\u201d; Mendrisio- Milano<\/strong><\/em><br \/><em>2002 &#8211; 2006\u00a0\u00a0\u00a0\u00a0 Licenza in Psicologia; Universit\u00e0 di Ginevra<\/em><\/p>\n<h5><strong>Formazioni olistiche personali<\/strong><\/h5>\n<p><em><strong>2025-2027 Costellazioni familiari sciamaniche; Induno Olona<\/strong>\u00a0 \u00a0 \u00a0 \u00a0 \u00a0 \u00a0 \u00a0 \u00a0 \u00a0 \u00a0 \u00a0 \u00a0 \u00a0 \u00a0 <\/em><em style=\"font-size: revert;\">2025 1\u00b0 e 2\u00b0 livello Reiki Karuna; Chavannes-le ch\u00eane \u00a0 \u00a0 \u00a0 \u00a0 \u00a0 \u00a0 \u00a0 \u00a0 \u00a0 \u00a0 \u00a0 \u00a0 \u00a0 \u00a0 \u00a0 \u00a0 \u00a0 \u00a0 \u00a0 \u00a0 \u00a0 \u00a0 \u00a0 \u00a0 \u00a0 \u00a0 \u00a0 \u00a0 \u00a0<em><strong>2023-2024 Formazione biennale in sciamanesimo; Induno Olona\u00a0 \u00a0 \u00a0 \u00a0 \u00a0 \u00a0 \u00a0 \u00a0 \u00a0<\/strong>2022 1\u00b0, 2\u00b0 e 3\u00b0 livello di Reiki Usui; Lugano<strong>\u00a0 \u00a0 \u00a0 \u00a0 \u00a0 \u00a0 \u00a0 \u00a0 \u00a0 \u00a0 \u00a0 \u00a0 \u00a0 \u00a0 \u00a0 \u00a0 \u00a0 \u00a0 \u00a0 \u00a0 \u00a0 \u00a0 \u00a0 \u00a0 \u00a0 \u00a0 \u00a0 \u00a0 \u00a0 \u00a0 \u00a0 \u00a0 \u00a0 \u00a0 \u00a0 \u00a0 \u00a02021 Formazione IADC, comunicazione indotta dopo la morte; Ginevra \u00a0 \u00a0 \u00a0 \u00a0 <\/strong><\/em><\/em><em style=\"font-size: revert;\"><em>2020 &#8211; 2021 Metodo Hakomi; online e Lamone<strong>\u00a0 \u00a0 \u00a0 \u00a0 \u00a0 \u00a0 \u00a0 \u00a0 \u00a0 \u00a0 \u00a0 \u00a0 \u00a0 \u00a0 \u00a0 \u00a0 \u00a0 \u00a0 \u00a0 \u00a0 \u00a0 \u00a0 \u00a0 \u00a0 \u00a0 \u00a0 \u00a0 \u00a0 \u00a0 \u00a0 \u00a0 \u00a0 \u00a0 \u00a0 \u00a0 \u00a0 \u00a0 \u00a0 \u00a0 \u00a0 \u00a0 \u00a0 \u00a0 \u00a0 \u00a0 \u00a0 \u00a0 \u00a0 \u00a0 \u00a0 \u00a0 \u00a0 \u00a0 \u00a0 \u00a0 \u00a0 \u00a0 \u00a0 2018 &#8211; 2019\u00a0 Mindfulness and Compassion Master; Milano<\/strong><\/em><\/em><\/p>\n<h5>Esperienze professionali<\/h5>\n<p><em><strong>Dal 2011 <\/strong><\/em>Indipendente in Studio Privato<br \/><em><strong>2017 &#8211; 2018 \u00a0<\/strong><\/em>Presidente CARES-Nice, Centre d\u2019Approfondissement, de Recherche et d\u2019Enseignement en Sexocorporel<br \/><em><strong>2007 &#8211; 2013 \u00a0<\/strong><\/em>Diverse esperienze: educatrice (Ingrado); Docente di sostegno pedagogico in stage;\u00a0 Gruppo di Lavoro per l\u2019Educazione Sessuale (DECS, DSS); Psicologa in stage\u00a0(Servizio Psico Sociale, Clinica Psichiatrica Viarnetto, Villa Argentina)<\/p>\n<h5>Affiliazioni<\/h5>\n<p>FSP (Federazione Svizzera Psicologi Psicoterapeuti)<br \/>EMDR Svizzera (Eye Movement Desensitization and Reprocessing)<br \/>EMDR Italia (Eye Movement Desensitization and Reprocessing)<br \/>ATP (Associazione Ticinese Psicologi)<\/p>\n<table>\n<tbody>\n<tr>\n<td style=\"background-color: #cd90ce;\" width=\"302\"><strong>\u00a0Sito<br \/><\/strong><a href=\"http:\/\/www.pamela-borelli.com\">www.pamela-borelli.com<\/a><br \/><strong><br \/>Telefono &amp; E-mail<br \/><\/strong>0041 79 516 16 03<br \/>borelli.pamela@gmail.com<strong><br \/><\/strong>\n<p><strong>Socialmedia<br \/><\/strong><a href=\"https:\/\/m.facebook.com\/PamelaBorelliSexPsy\/\">Facebook<\/a><strong><br \/><\/strong><a href=\"https:\/\/ch.linkedin.com\/in\/pamela-borelli-06053043\">Linkedin<\/a><\/p>\n<\/td>\n<td style=\"background-color: #dfb4e0;\" width=\"302\">\n<p>TARIFFA E RIMBORSO\u00a0<br \/>Seduta individuale: 50 min in presenza e 10 min trattamento dossier, tariffa 160 chf.<br \/>Seduta di coppia: 55 min in presenza e 10 min trattamento dossier, tariffa 180 chf.\u00a0<br \/>Pagamento in contati alla fine della seduta. Potete chiedere il rimborso alla vostra assicurazione complementare, in funzione del vostro contratto. Le\u00a0ricevute non ritirate in studio, verranno spedite su richiesta per posta elettronica. Non saranno inviate in formato cartaceo.<\/p>\n<\/td>\n<\/tr>\n<\/tbody>\n<\/table>\n<p style=\"text-align: center;\"><em>Tutte le sedute sono fatturate indipendentemente dalla ragione dell\u2019annullamento salvo se annunciato con almeno 48 ore di anticipo.<\/em><\/p>\n\n\n<p><\/p>\n","protected":false},"excerpt":{"rendered":"<p>Pamela Borelli Sessuologa clinica,Psicologa e Psicoterapeuta FSP,Psicoterapeuta Sensorimotor Certificata (III),Terapeuta e Practitioner EMDR Supervisore Lista di attesa: diversi mesiAssicurazione: Riconosciuta dalla cassa malati complementare. Cari clienti, per scelta personale e per incarnare quello che credo siano le migliori basi per una relazione terapeutica, comunico che le mie sedute non sottostanno a condizioni e rimborsi da &hellip; <a href=\"https:\/\/centroessere.ch\/?page_id=57\" class=\"more-link\">Leggi tutto<span class=\"screen-reader-text\"> &#8220;Pamela Borelli&#8221;<\/span><\/a><\/p>\n","protected":false},"author":1,"featured_media":0,"parent":8,"menu_order":0,"comment_status":"closed","ping_status":"closed","template":"template-no-sidebar.php","meta":{"footnotes":""},"class_list":["post-57","page","type-page","status-publish","hentry"],"_links":{"self":[{"href":"https:\/\/centroessere.ch\/index.php?rest_route=\/wp\/v2\/pages\/57"}],"collection":[{"href":"https:\/\/centroessere.ch\/index.php?rest_route=\/wp\/v2\/pages"}],"about":[{"href":"https:\/\/centroessere.ch\/index.php?rest_route=\/wp\/v2\/types\/page"}],"author":[{"embeddable":true,"href":"https:\/\/centroessere.ch\/index.php?rest_route=\/wp\/v2\/users\/1"}],"replies":[{"embeddable":true,"href":"https:\/\/centroessere.ch\/index.php?rest_route=%2Fwp%2Fv2%2Fcomments&post=57"}],"version-history":[{"count":156,"href":"https:\/\/centroessere.ch\/index.php?rest_route=\/wp\/v2\/pages\/57\/revisions"}],"predecessor-version":[{"id":1176,"href":"https:\/\/centroessere.ch\/index.php?rest_route=\/wp\/v2\/pages\/57\/revisions\/1176"}],"up":[{"embeddable":true,"href":"https:\/\/centroessere.ch\/index.php?rest_route=\/wp\/v2\/pages\/8"}],"wp:attachment":[{"href":"https:\/\/centroessere.ch\/index.php?rest_route=%2Fwp%2Fv2%2Fmedia&parent=57"}],"curies":[{"name":"wp","href":"https:\/\/api.w.org\/{rel}","templated":true}]}}