{"id":241,"date":"2018-10-02T16:51:07","date_gmt":"2018-10-02T14:51:07","guid":{"rendered":"http:\/\/www.centroessere.ch\/?page_id=241"},"modified":"2026-03-13T15:12:56","modified_gmt":"2026-03-13T14:12:56","slug":"241-2","status":"publish","type":"page","link":"https:\/\/centroessere.ch\/?page_id=241","title":{"rendered":"L&#8217;angolo Mindfulness"},"content":{"rendered":"<div class=\"wp-block-image\">\n<figure class=\"aligncenter is-resized\"><img loading=\"lazy\" decoding=\"async\" width=\"681\" height=\"1024\" src=\"http:\/\/centroessere.ch\/wp-content\/uploads\/2018\/10\/DSC_5575piccola-681x1024.jpg\" alt=\"\" class=\"wp-image-328\" style=\"width:227px;height:343px\" srcset=\"https:\/\/centroessere.ch\/wp-content\/uploads\/2018\/10\/DSC_5575piccola-681x1024.jpg 681w, https:\/\/centroessere.ch\/wp-content\/uploads\/2018\/10\/DSC_5575piccola-200x300.jpg 200w, https:\/\/centroessere.ch\/wp-content\/uploads\/2018\/10\/DSC_5575piccola.jpg 708w\" sizes=\"(max-width: 681px) 85vw, 681px\" \/><figcaption class=\"wp-element-caption\">\u201cLavoriamo duramente per migliorare le condizioni esterne della nostra vita, ma alla fine sono sempre le nostre menti che vivono il mondo e lo traducono in benessere o sofferenza. Se trasformiamo il modo in cui percepiamo le cose, trasformiamo la qualit\u00e0 della nostra vita. E questo cambiamento \u00e8 il risultato di un allenamento della mente chiamato &#8220;meditazione&#8221;.\u201d<br><br>&nbsp;&#8220;<em>L\u2019\u00e9veil des sens<\/em>&#8221;&nbsp;di Jon Kabat-Zinn<\/figcaption><\/figure><\/div>\n\n<div class=\"page\" title=\"Page 1\">\n<div class=\"layoutArea\">\n<div class=\"column\" style=\"text-align: center;\">\n<h1 style=\"text-align: center;\">L\u2019angolo mindfulness<\/h1>\n<p><strong>Cos&#8217;\u00e8 la mindfulness?<\/strong><\/p>\n<p>La mindfulness \u00e8 la coscienza che si manifesta quando si presta attenzione, intenzionalmente e senza giudizio, all&#8217;esperienza del momento presente.<\/p>\n<p>La meditazione consapevole allena quindi la nostra capacit\u00e0 di prestare attenzione e di discernere ci\u00f2 che \u00e8 presente nel momento (emozioni, pensieri, sensazioni fisiche, ma anche l&#8217;ambiente e le relazioni) integrando una dimensione benevola e etica.<\/p>\n<p>\u00c8 una pratica accessibile a tutti e che vieni allenata sia attraverso meditazioni formali (meditazione) che pratiche informali (nella vita quotidiana).<\/p>\n<p>Le pratiche di consapevolezza promuovono tra l\u2019altro la concentrazione, una migliore conoscenza di s\u00e8 e autoaccetazione, il sviluppo dell\u2019empatia, una riduzione dello stress, una migliore regolazione emotiva ed il rilassamento.<\/p>\n<ul>\n<li style=\"text-align: left;\"><strong>Percorsi Mindfulness personalizzati:<\/strong><\/li>\n<\/ul>\n<p style=\"font-weight: 400; text-align: left;\">Percorsi personalizzati di Mindfulness (a partire dagli 8 anni), come supporto nella vita quotidiana o in momenti personali delicati. Le pratiche vengono adattate alle esigenze specifiche della persona.<\/p>\n<p style=\"font-weight: 400; text-align: left;\"><strong><em>A chi si rivolge<\/em><\/strong><\/p>\n<p style=\"font-weight: 400; text-align: left;\"><strong>Bambini e ragazzi<\/strong><br \/>Uno spazio per s\u00e9, dove i ragazzi possono raccontarsi e lavorare sullo sviluppo della consapevolezza emotiva, sull\u2019autoregolazione, sull\u2019attenzione e sulla concentrazione, e sul rafforzamento dell\u2019autostima e della fiducia in s\u00e9. Dedicato anche a chi desidera sostegno nei passaggi evolutivi, attraverso attivit\u00e0 esperienziali e momenti di (ri)connessione con la natura, quando desiderato.<\/p>\n<p style=\"font-weight: 400; text-align: left;\"><strong>Adulti<\/strong><br \/>Uno spazio dedicato a chi desidera concedersi una pausa, ritrovare il respiro e lavorare sulla consapevolezza, sulla gestione delle emozioni e dello stress, o sul proprio equilibrio interiore. Rivolto anche per chi cerca supporto nell\u2019affrontare momenti di difficolt\u00e0, cambiamenti o fasi di vita particolarmente impegnative.<\/p>\n<p style=\"font-weight: 400; text-align: left;\"><strong>Genitori<\/strong><br \/>Uno spazio di sostegno alla genitorialit\u00e0 consapevole e alla relazione con i propri figli, per vivere il legame quotidiano con maggiore presenza, ascolto e serenit\u00e0 emotiva.<\/p>\n<ul>\n<li style=\"font-weight: 400; text-align: left;\"><strong>Meditazione Mindfulness \u2013 individuale o in piccoli gruppi:<\/strong><\/li>\n<\/ul>\n<p style=\"font-weight: 400; text-align: left;\">Incontri individuali o in piccoli gruppi per riconnettersi al proprio corpo e al momento presente, ed incontrarsi con gentilezza e curiosit\u00e0.<\/p>\n<p style=\"text-align: left;\">Incontri esperienziali che alternano esplorazioni emotive, esercizi di respirazione, osservazioni corporee e sensoriali, meditazioni e letture di storie per i piu piccini.<\/p>\n<p style=\"font-weight: 400; text-align: left;\"><strong><em>Incontri di gruppo\u00a0<\/em><\/strong>su richiesta: se avete gi\u00e0 formato un piccolo gruppo di partecipanti interessati (ad esempio una coppia che desidera praticare insieme o un gruppo di amici, adulti o bambini\/ragazzi), allora possiamo costruire insieme un percorso dedicato. Il numero massimo di partecipanti per gruppo \u00e8 di <strong>4 persone<\/strong>.<\/p>\n<p style=\"font-weight: 400; text-align: left;\"><strong><em>A chi si rivolge<\/em><\/strong>: A tutti, a partire dagli 8 anni<\/p>\n<p style=\"font-weight: 400; text-align: left;\"><strong>Esempi di temi ad esplorare<\/strong>:<\/p>\n<ol style=\"font-weight: 400; text-align: left;\">\n<li>L\u2019attenzione<\/li>\n<li>L\u2019avventura dei cinque sensi<\/li>\n<li>L\u2019ascolto del corpo<\/li>\n<li>Il respiro<\/li>\n<li>L\u2019ancoraggio<\/li>\n<li>Il mondo dei pensieri<\/li>\n<li>Le emozioni<\/li>\n<li>La gentilezza amorevole<\/li>\n<li>La compassione<\/li>\n<li>La gratitudine<\/li>\n<li>La spaziosit\u00e0 della mente<\/li>\n<\/ol>\n<p><strong><em>Abbigliamento\u00a0:<\/em><\/strong> vestiti comodi<\/p>\n<p><strong><em>Durata dell\u2019incontro\u00a0:<\/em><\/strong> 60 minuti<\/p>\n<p><strong><em>Tarifa oraria<\/em><\/strong><strong>: CHF 120.- (bambini\/ragazzi\/adulti\/gruppi)<\/strong><\/p>\n<p style=\"font-weight: 400;\"><strong>\u00a0<\/strong><strong><em>Pagamento<\/em><\/strong><strong>: <\/strong>Il primo incontro va pagato in contanti o con TWINT, dopo possibilit\u00e0 di pagare contanti, con TWINT o E-banking<\/p>\n<p style=\"font-weight: 400;\"><strong>Per iscrizioni o informazioni:<\/strong><\/p>\n<p style=\"font-weight: 400;\">laure.pedrazzini@gmail.com<\/p>\n<p><a href=\"https:\/\/www.naturamente.ch\">https:\/\/www.naturamente.ch<\/a><\/p>\n<p style=\"font-weight: 400;\">0041 (0) 79\u00a0589 71 81<\/p>\n<\/div>\n<\/div>\n<\/div>\n<div class=\"page\" style=\"text-align: left;\" title=\"Page 1\">\n<div class=\"layoutArea\">\n<div class=\"column\">\n<div class=\"page\" title=\"Page 2\">\n<div class=\"layoutArea\">\n<div class=\"column\">\n<div class=\"page\" title=\"Page 3\">\n<div class=\"layoutArea\">\n<div class=\"column\">\n<h3 style=\"font-weight: 400; text-align: center;\">\u00a0<\/h3>\n<\/div>\n<\/div>\n<\/div>\n<\/div>\n<\/div>\n<\/div>\n<\/div>\n<\/div>\n<\/div>\n\n\n<p><\/p>\n","protected":false},"excerpt":{"rendered":"<p>L\u2019angolo mindfulness Cos&#8217;\u00e8 la mindfulness? La mindfulness \u00e8 la coscienza che si manifesta quando si presta attenzione, intenzionalmente e senza giudizio, all&#8217;esperienza del momento presente. La meditazione consapevole allena quindi la nostra capacit\u00e0 di prestare attenzione e di discernere ci\u00f2 che \u00e8 presente nel momento (emozioni, pensieri, sensazioni fisiche, ma anche l&#8217;ambiente e le relazioni) &hellip; <a href=\"https:\/\/centroessere.ch\/?page_id=241\" class=\"more-link\">Leggi tutto<span class=\"screen-reader-text\"> &#8220;L&#8217;angolo Mindfulness&#8221;<\/span><\/a><\/p>\n","protected":false},"author":1,"featured_media":0,"parent":69,"menu_order":0,"comment_status":"closed","ping_status":"closed","template":"template-no-sidebar.php","meta":{"footnotes":""},"class_list":["post-241","page","type-page","status-publish","hentry"],"_links":{"self":[{"href":"https:\/\/centroessere.ch\/index.php?rest_route=\/wp\/v2\/pages\/241"}],"collection":[{"href":"https:\/\/centroessere.ch\/index.php?rest_route=\/wp\/v2\/pages"}],"about":[{"href":"https:\/\/centroessere.ch\/index.php?rest_route=\/wp\/v2\/types\/page"}],"author":[{"embeddable":true,"href":"https:\/\/centroessere.ch\/index.php?rest_route=\/wp\/v2\/users\/1"}],"replies":[{"embeddable":true,"href":"https:\/\/centroessere.ch\/index.php?rest_route=%2Fwp%2Fv2%2Fcomments&post=241"}],"version-history":[{"count":61,"href":"https:\/\/centroessere.ch\/index.php?rest_route=\/wp\/v2\/pages\/241\/revisions"}],"predecessor-version":[{"id":1169,"href":"https:\/\/centroessere.ch\/index.php?rest_route=\/wp\/v2\/pages\/241\/revisions\/1169"}],"up":[{"embeddable":true,"href":"https:\/\/centroessere.ch\/index.php?rest_route=\/wp\/v2\/pages\/69"}],"wp:attachment":[{"href":"https:\/\/centroessere.ch\/index.php?rest_route=%2Fwp%2Fv2%2Fmedia&parent=241"}],"curies":[{"name":"wp","href":"https:\/\/api.w.org\/{rel}","templated":true}]}}